{"id":9,"date":"2021-03-05T20:10:28","date_gmt":"2021-03-05T20:10:28","guid":{"rendered":"http:\/\/dawidtarczynski.pl\/index.php\/about-us\/"},"modified":"2022-04-30T11:00:50","modified_gmt":"2022-04-30T11:00:50","slug":"o-mnie","status":"publish","type":"page","link":"http:\/\/dawidtarczynski.pl\/","title":{"rendered":"O mnie"},"content":{"rendered":"\t\t<div data-elementor-type=\"wp-page\" data-elementor-id=\"9\" class=\"elementor elementor-9\">\n\t\t\t\t\t\t<section class=\"elementor-section elementor-top-section elementor-element elementor-element-6952cf8 elementor-section-height-min-height elementor-section-boxed elementor-section-height-default elementor-section-items-middle\" data-id=\"6952cf8\" data-element_type=\"section\" data-e-type=\"section\" data-settings=\"{&quot;background_background&quot;:&quot;classic&quot;}\">\n\t\t\t\t\t\t\t<div class=\"elementor-background-overlay\"><\/div>\n\t\t\t\t\t\t\t<div class=\"elementor-container elementor-column-gap-no\">\n\t\t\t\t\t<div class=\"elementor-column elementor-col-100 elementor-top-column elementor-element elementor-element-4c6db26\" data-id=\"4c6db26\" data-element_type=\"column\" data-e-type=\"column\">\n\t\t\t<div class=\"elementor-widget-wrap elementor-element-populated\">\n\t\t\t\t\t\t<div class=\"elementor-element elementor-element-628c3d6 elementor-widget-divider--view-line elementor-widget elementor-widget-divider\" data-id=\"628c3d6\" data-element_type=\"widget\" data-e-type=\"widget\" data-widget_type=\"divider.default\">\n\t\t\t\t<div class=\"elementor-widget-container\">\n\t\t\t\t\t\t\t<div class=\"elementor-divider\">\n\t\t\t<span class=\"elementor-divider-separator\">\n\t\t\t\t\t\t<\/span>\n\t\t<\/div>\n\t\t\t\t\t\t<\/div>\n\t\t\t\t<\/div>\n\t\t\t\t<div class=\"elementor-element elementor-element-558ce53 elementor-widget elementor-widget-heading\" data-id=\"558ce53\" data-element_type=\"widget\" data-e-type=\"widget\" data-widget_type=\"heading.default\">\n\t\t\t\t<div class=\"elementor-widget-container\">\n\t\t\t\t\t<h1 class=\"elementor-heading-title elementor-size-default\">Sta\u0142y mediator s\u0105dowy i pozas\u0105dowy przy S\u0105dzie Okr\u0119gowym w Przemy\u015blu<\/h1>\t\t\t\t<\/div>\n\t\t\t\t<\/div>\n\t\t\t\t<div class=\"elementor-element elementor-element-b6c2875 elementor-widget elementor-widget-text-editor\" data-id=\"b6c2875\" data-element_type=\"widget\" data-e-type=\"widget\" data-widget_type=\"text-editor.default\">\n\t\t\t\t<div class=\"elementor-widget-container\">\n\t\t\t\t\t\t\t\t\t<p>Oferuj\u0119 prowadzenie mediacji w formie stacjonarnej, on &#8211; line lub mieszanej.<\/p>\t\t\t\t\t\t\t\t<\/div>\n\t\t\t\t<\/div>\n\t\t\t\t\t<\/div>\n\t\t<\/div>\n\t\t\t\t\t<\/div>\n\t\t<\/section>\n\t\t\t\t<section class=\"elementor-section elementor-top-section elementor-element elementor-element-c79a29d elementor-section-content-middle elementor-section-boxed elementor-section-height-default elementor-section-height-default\" data-id=\"c79a29d\" data-element_type=\"section\" data-e-type=\"section\">\n\t\t\t\t\t\t<div class=\"elementor-container elementor-column-gap-no\">\n\t\t\t\t\t<div class=\"elementor-column elementor-col-50 elementor-top-column elementor-element elementor-element-ec4deda\" data-id=\"ec4deda\" data-element_type=\"column\" data-e-type=\"column\">\n\t\t\t<div class=\"elementor-widget-wrap elementor-element-populated\">\n\t\t\t\t\t\t<div class=\"elementor-element elementor-element-0dfbf84 elementor-widget-divider--view-line elementor-widget elementor-widget-divider\" data-id=\"0dfbf84\" data-element_type=\"widget\" data-e-type=\"widget\" data-widget_type=\"divider.default\">\n\t\t\t\t<div class=\"elementor-widget-container\">\n\t\t\t\t\t\t\t<div class=\"elementor-divider\">\n\t\t\t<span class=\"elementor-divider-separator\">\n\t\t\t\t\t\t<\/span>\n\t\t<\/div>\n\t\t\t\t\t\t<\/div>\n\t\t\t\t<\/div>\n\t\t\t\t<div class=\"elementor-element elementor-element-f1f4c22 elementor-widget elementor-widget-heading\" data-id=\"f1f4c22\" data-element_type=\"widget\" data-e-type=\"widget\" data-widget_type=\"heading.default\">\n\t\t\t\t<div class=\"elementor-widget-container\">\n\t\t\t\t\t<h2 class=\"elementor-heading-title elementor-size-default\">O mnie<\/h2>\t\t\t\t<\/div>\n\t\t\t\t<\/div>\n\t\t\t\t<div class=\"elementor-element elementor-element-cd5bbaa elementor-widget elementor-widget-text-editor\" data-id=\"cd5bbaa\" data-element_type=\"widget\" data-e-type=\"widget\" data-widget_type=\"text-editor.default\">\n\t\t\t\t<div class=\"elementor-widget-container\">\n\t\t\t\t\t\t\t\t\t<p>Jestem prawnikiem i profesjonalnym mediatorem. Posiadam kwalifikacje do prowadzenia mediacji w ka\u017cdej sprawie i wieloletnie do\u015bwiadczenie (przeprowadzi\u0142em kilkaset mediacji, w tym wi\u0119kszo\u015b\u0107 zako\u0144czonych ugod\u0105). Uko\u0144czy\u0142em mi\u0119dzy innymi specjalistyczne studia z zakresu mediacji s\u0105dowej i pozas\u0105dowej, a tak\u017ce przyst\u0105pi\u0142em do Polskiego Centrum Mediacji.<\/p><p>Opr\u00f3cz tego posiadam wiedz\u0119 i umiej\u0119tno\u015bci z zakresu psychologii i pedagogiki, kt\u00f3re pozawalaj\u0105 mi swobodnie porusza\u0107 si\u0119 w mediacjach wymagaj\u0105cych wiedzy z tych dziedzin. Jestem uj\u0119ty jako sta\u0142y mediator s\u0105dowy na listach Prezes\u00f3w S\u0105d\u00f3w Okr\u0119gowych w Przemy\u015blu i Rzeszowie. Prowadz\u0119 mediacje zar\u00f3wno ze skierowania s\u0105du albo innej instytucji, jak r\u00f3wnie\u017c prywatne. Dbam o to, aby zawierane przede mn\u0105 ugody by\u0142y skuteczne i wykonalne. R\u00f3wnocze\u015bnie stale pog\u0142\u0119biam wiedz\u0119 i rozwijam swoje umiej\u0119tno\u015bci.<\/p>\t\t\t\t\t\t\t\t<\/div>\n\t\t\t\t<\/div>\n\t\t\t\t<div class=\"elementor-element elementor-element-f76245f elementor-widget elementor-widget-button\" data-id=\"f76245f\" data-element_type=\"widget\" data-e-type=\"widget\" data-widget_type=\"button.default\">\n\t\t\t\t<div class=\"elementor-widget-container\">\n\t\t\t\t\t\t\t\t\t<div class=\"elementor-button-wrapper\">\n\t\t\t\t\t<a class=\"elementor-button elementor-button-link elementor-size-sm\" href=\"tel:+48%20663%20778%20577\">\n\t\t\t\t\t\t<span class=\"elementor-button-content-wrapper\">\n\t\t\t\t\t\t\t\t\t<span class=\"elementor-button-text\">Opowiedz mi o swojej sprawie<\/span>\n\t\t\t\t\t<\/span>\n\t\t\t\t\t<\/a>\n\t\t\t\t<\/div>\n\t\t\t\t\t\t\t\t<\/div>\n\t\t\t\t<\/div>\n\t\t\t\t\t<\/div>\n\t\t<\/div>\n\t\t\t\t<div class=\"elementor-column elementor-col-50 elementor-top-column elementor-element elementor-element-c59473d\" data-id=\"c59473d\" data-element_type=\"column\" data-e-type=\"column\">\n\t\t\t<div class=\"elementor-widget-wrap elementor-element-populated\">\n\t\t\t\t\t\t<div class=\"elementor-element elementor-element-8467e36 elementor-widget elementor-widget-image\" data-id=\"8467e36\" data-element_type=\"widget\" data-e-type=\"widget\" data-widget_type=\"image.default\">\n\t\t\t\t<div class=\"elementor-widget-container\">\n\t\t\t\t\t\t\t\t\t\t\t\t\t\t\t<img fetchpriority=\"high\" decoding=\"async\" width=\"376\" height=\"380\" src=\"http:\/\/dawidtarczynski.pl\/wp-content\/uploads\/2022\/04\/dawid.png\" class=\"attachment-full size-full wp-image-1368\" alt=\"\" srcset=\"http:\/\/dawidtarczynski.pl\/wp-content\/uploads\/2022\/04\/dawid.png 376w, http:\/\/dawidtarczynski.pl\/wp-content\/uploads\/2022\/04\/dawid-297x300.png 297w\" sizes=\"(max-width: 376px) 100vw, 376px\" \/>\t\t\t\t\t\t\t\t\t\t\t\t\t\t\t<\/div>\n\t\t\t\t<\/div>\n\t\t\t\t\t<\/div>\n\t\t<\/div>\n\t\t\t\t\t<\/div>\n\t\t<\/section>\n\t\t\t\t<section class=\"elementor-section elementor-top-section elementor-element elementor-element-b508407 elementor-section-boxed elementor-section-height-default elementor-section-height-default\" data-id=\"b508407\" data-element_type=\"section\" data-e-type=\"section\" data-settings=\"{&quot;background_background&quot;:&quot;classic&quot;}\">\n\t\t\t\t\t\t<div class=\"elementor-container elementor-column-gap-no\">\n\t\t\t\t\t<div class=\"elementor-column elementor-col-100 elementor-top-column elementor-element elementor-element-e9d8ad1\" data-id=\"e9d8ad1\" data-element_type=\"column\" data-e-type=\"column\">\n\t\t\t<div class=\"elementor-widget-wrap elementor-element-populated\">\n\t\t\t\t\t\t<div class=\"elementor-element elementor-element-6ba5a92 elementor-widget-divider--view-line elementor-widget elementor-widget-divider\" data-id=\"6ba5a92\" data-element_type=\"widget\" data-e-type=\"widget\" data-widget_type=\"divider.default\">\n\t\t\t\t<div class=\"elementor-widget-container\">\n\t\t\t\t\t\t\t<div class=\"elementor-divider\">\n\t\t\t<span class=\"elementor-divider-separator\">\n\t\t\t\t\t\t<\/span>\n\t\t<\/div>\n\t\t\t\t\t\t<\/div>\n\t\t\t\t<\/div>\n\t\t\t\t<div class=\"elementor-element elementor-element-a47fad5 elementor-widget elementor-widget-heading\" data-id=\"a47fad5\" data-element_type=\"widget\" data-e-type=\"widget\" data-widget_type=\"heading.default\">\n\t\t\t\t<div class=\"elementor-widget-container\">\n\t\t\t\t\t<h3 class=\"elementor-heading-title elementor-size-default\">OPINIE<\/h3>\t\t\t\t<\/div>\n\t\t\t\t<\/div>\n\t\t\t\t<div class=\"elementor-element elementor-element-b758ba8 elementor-widget elementor-widget-text-editor\" data-id=\"b758ba8\" data-element_type=\"widget\" data-e-type=\"widget\" data-widget_type=\"text-editor.default\">\n\t\t\t\t<div class=\"elementor-widget-container\">\n\t\t\t\t\t\t\t\t\t<p>\u201c W imieniu Zarz\u0105du G\u0142\u00f3wnego Polskiego Centrum Mediacji uprzejmie informujemy, \u017ce Pan Dawid Tarczy\u0144ski, prowadz\u0105c mediacje zgodnie z najlepszymi standardami Polskiego Centrum Mediacji i zasadami etyki zawodowej, daje Pa\u0144stwu gwarancj\u0119 profesjonalnej i skutecznej pomocy w rozwi\u0105zaniu ka\u017cdego rodzaju sporu, zar\u00f3wno na etapie s\u0105dowym, przeds\u0105dowym i pozas\u0105dowym.\u201d<img decoding=\"async\" class=\"wp-image-1542 aligncenter\" src=\"http:\/\/dawidtarczynski.pl\/wp-content\/uploads\/2022\/04\/podpis-300x75.png\" alt=\"\" width=\"194\" height=\"49\" srcset=\"http:\/\/dawidtarczynski.pl\/wp-content\/uploads\/2022\/04\/podpis-300x75.png 300w, http:\/\/dawidtarczynski.pl\/wp-content\/uploads\/2022\/04\/podpis.png 562w\" sizes=\"(max-width: 194px) 100vw, 194px\" \/><\/p>\t\t\t\t\t\t\t\t<\/div>\n\t\t\t\t<\/div>\n\t\t\t\t\t<\/div>\n\t\t<\/div>\n\t\t\t\t\t<\/div>\n\t\t<\/section>\n\t\t\t\t<\/div>\n\t\t","protected":false},"excerpt":{"rendered":"<p>Sta\u0142y mediator s\u0105dowy i pozas\u0105dowy przy S\u0105dzie Okr\u0119gowym w Przemy\u015blu Oferuj\u0119 prowadzenie mediacji w formie stacjonarnej, on &#8211; line lub mieszanej. O mnie Jestem prawnikiem i profesjonalnym mediatorem. Posiadam kwalifikacje do prowadzenia mediacji w ka\u017cdej sprawie i wieloletnie do\u015bwiadczenie (przeprowadzi\u0142em kilkaset mediacji, w tym wi\u0119kszo\u015b\u0107 zako\u0144czonych ugod\u0105). Uko\u0144czy\u0142em mi\u0119dzy innymi specjalistyczne studia z zakresu mediacji [&hellip;]<\/p>\n","protected":false},"author":1,"featured_media":0,"parent":0,"menu_order":0,"comment_status":"closed","ping_status":"closed","template":"","meta":{"site-sidebar-layout":"no-sidebar","site-content-layout":"page-builder","ast-site-content-layout":"default","site-content-style":"default","site-sidebar-style":"default","ast-global-header-display":"","ast-banner-title-visibility":"","ast-main-header-display":"","ast-hfb-above-header-display":"","ast-hfb-below-header-display":"","ast-hfb-mobile-header-display":"","site-post-title":"disabled","ast-breadcrumbs-content":"disabled","ast-featured-img":"disabled","footer-sml-layout":"","ast-disable-related-posts":"","theme-transparent-header-meta":"enabled","adv-header-id-meta":"","stick-header-meta":"","header-above-stick-meta":"","header-main-stick-meta":"","header-below-stick-meta":"","astra-migrate-meta-layouts":"default","ast-page-background-enabled":"default","ast-page-background-meta":{"desktop":{"background-color":"","background-image":"","background-repeat":"repeat","background-position":"center center","background-size":"auto","background-attachment":"scroll","background-type":"","background-media":"","overlay-type":"","overlay-color":"","overlay-opacity":"","overlay-gradient":""},"tablet":{"background-color":"","background-image":"","background-repeat":"repeat","background-position":"center center","background-size":"auto","background-attachment":"scroll","background-type":"","background-media":"","overlay-type":"","overlay-color":"","overlay-opacity":"","overlay-gradient":""},"mobile":{"background-color":"","background-image":"","background-repeat":"repeat","background-position":"center center","background-size":"auto","background-attachment":"scroll","background-type":"","background-media":"","overlay-type":"","overlay-color":"","overlay-opacity":"","overlay-gradient":""}},"ast-content-background-meta":{"desktop":{"background-color":"var(--ast-global-color-5)","background-image":"","background-repeat":"repeat","background-position":"center center","background-size":"auto","background-attachment":"scroll","background-type":"","background-media":"","overlay-type":"","overlay-color":"","overlay-opacity":"","overlay-gradient":""},"tablet":{"background-color":"var(--ast-global-color-5)","background-image":"","background-repeat":"repeat","background-position":"center center","background-size":"auto","background-attachment":"scroll","background-type":"","background-media":"","overlay-type":"","overlay-color":"","overlay-opacity":"","overlay-gradient":""},"mobile":{"background-color":"var(--ast-global-color-5)","background-image":"","background-repeat":"repeat","background-position":"center center","background-size":"auto","background-attachment":"scroll","background-type":"","background-media":"","overlay-type":"","overlay-color":"","overlay-opacity":"","overlay-gradient":""}},"footnotes":""},"class_list":["post-9","page","type-page","status-publish","hentry"],"yoast_head":"<!-- This site is optimized with the Yoast SEO plugin v22.6 - https:\/\/yoast.com\/wordpress\/plugins\/seo\/ -->\n<title>O mnie - Mediator s\u0105dowy i pozas\u0105dowy Przemy\u015bl<\/title>\n<meta name=\"description\" content=\"Dawid Tarczy\u0144ski \u2013 mediator s\u0105dowy i pozas\u0105dowy \u2013 kompleksowe us\u0142ugi w zakresie prowadzenia post\u0119powa\u0144 mediacyjnych w sprawach cywilnych (rodzinnych, gospodarczych, biznesowych, pracowniczych, medycznych, o\u015bwiatowych, transgranicznych)\" \/>\n<meta name=\"robots\" content=\"index, follow, max-snippet:-1, max-image-preview:large, max-video-preview:-1\" \/>\n<link rel=\"canonical\" href=\"https:\/\/dawidtarczynski.pl\/\" \/>\n<meta property=\"og:locale\" content=\"pl_PL\" \/>\n<meta property=\"og:type\" content=\"article\" \/>\n<meta property=\"og:title\" content=\"O mnie - Mediator s\u0105dowy i pozas\u0105dowy Przemy\u015bl\" \/>\n<meta property=\"og:description\" content=\"Dawid Tarczy\u0144ski \u2013 mediator s\u0105dowy i pozas\u0105dowy \u2013 kompleksowe us\u0142ugi w zakresie prowadzenia post\u0119powa\u0144 mediacyjnych w sprawach cywilnych (rodzinnych, gospodarczych, biznesowych, pracowniczych, medycznych, o\u015bwiatowych, transgranicznych)\" \/>\n<meta property=\"og:url\" content=\"https:\/\/dawidtarczynski.pl\/\" \/>\n<meta property=\"og:site_name\" content=\"Mediator s\u0105dowy i pozas\u0105dowy Przemy\u015bl\" \/>\n<meta property=\"article:modified_time\" content=\"2022-04-30T11:00:50+00:00\" \/>\n<meta property=\"og:image\" content=\"https:\/\/dawidtarczynski.pl\/wp-content\/uploads\/2022\/04\/dawid.png\" \/>\n\t<meta property=\"og:image:width\" content=\"376\" \/>\n\t<meta property=\"og:image:height\" content=\"380\" \/>\n\t<meta property=\"og:image:type\" content=\"image\/png\" \/>\n<meta name=\"twitter:card\" content=\"summary_large_image\" \/>\n<meta name=\"twitter:label1\" content=\"Szacowany czas czytania\" \/>\n\t<meta name=\"twitter:data1\" content=\"2 minuty\" \/>\n<script type=\"application\/ld+json\" class=\"yoast-schema-graph\">{\"@context\":\"https:\/\/schema.org\",\"@graph\":[{\"@type\":\"WebPage\",\"@id\":\"https:\/\/dawidtarczynski.pl\/\",\"url\":\"https:\/\/dawidtarczynski.pl\/\",\"name\":\"O mnie - Mediator s\u0105dowy i pozas\u0105dowy Przemy\u015bl\",\"isPartOf\":{\"@id\":\"http:\/\/dawidtarczynski.pl\/#website\"},\"primaryImageOfPage\":{\"@id\":\"https:\/\/dawidtarczynski.pl\/#primaryimage\"},\"image\":{\"@id\":\"https:\/\/dawidtarczynski.pl\/#primaryimage\"},\"thumbnailUrl\":\"http:\/\/dawidtarczynski.pl\/wp-content\/uploads\/2022\/04\/dawid.png\",\"datePublished\":\"2021-03-05T20:10:28+00:00\",\"dateModified\":\"2022-04-30T11:00:50+00:00\",\"description\":\"Dawid Tarczy\u0144ski \u2013 mediator s\u0105dowy i pozas\u0105dowy \u2013 kompleksowe us\u0142ugi w zakresie prowadzenia post\u0119powa\u0144 mediacyjnych w sprawach cywilnych (rodzinnych, gospodarczych, biznesowych, pracowniczych, medycznych, o\u015bwiatowych, transgranicznych)\",\"breadcrumb\":{\"@id\":\"https:\/\/dawidtarczynski.pl\/#breadcrumb\"},\"inLanguage\":\"pl-PL\",\"potentialAction\":[{\"@type\":\"ReadAction\",\"target\":[\"https:\/\/dawidtarczynski.pl\/\"]}]},{\"@type\":\"ImageObject\",\"inLanguage\":\"pl-PL\",\"@id\":\"https:\/\/dawidtarczynski.pl\/#primaryimage\",\"url\":\"http:\/\/dawidtarczynski.pl\/wp-content\/uploads\/2022\/04\/dawid.png\",\"contentUrl\":\"http:\/\/dawidtarczynski.pl\/wp-content\/uploads\/2022\/04\/dawid.png\",\"width\":376,\"height\":380},{\"@type\":\"BreadcrumbList\",\"@id\":\"https:\/\/dawidtarczynski.pl\/#breadcrumb\",\"itemListElement\":[{\"@type\":\"ListItem\",\"position\":1,\"name\":\"Strona g\u0142\u00f3wna\",\"item\":\"https:\/\/dawidtarczynski.pl\/\"},{\"@type\":\"ListItem\",\"position\":2,\"name\":\"O mnie\"}]},{\"@type\":\"WebSite\",\"@id\":\"http:\/\/dawidtarczynski.pl\/#website\",\"url\":\"http:\/\/dawidtarczynski.pl\/\",\"name\":\"Mediator s\u0105dowy i pozas\u0105dowy Przemy\u015bl\",\"description\":\"Jestem sta\u0142ym mediatorem s\u0105dowym i pozas\u0105dowym. Posiadam uprawnienia do prowadzenia mediacji cywilnych (rodzinnych, gospodarczych, biznesowych, pracowniczych, medycznych, o\u015bwiatowych, transgranicznych, s\u0105siedzkich, mi\u0119dzypokoleniowych, spadkowych, innych cywilnych), karnych i nieletnich oraz kilkuletnie do\u015bwiadczenie mediatora. R&oacute;wnocze\u015bnie jestem cz\u0142onkiem Polskiego Centrum Mediacji i prawnikiem. Oferuj\u0119 Pa\u0144stwu mo\u017cliwo\u015b\u0107 prowadzenie mediacji zar&oacute;wno w formie bezpo\u015bredniej (spotkania stron w obecno\u015bci mediatora), jak r&oacute;wnie\u017c po\u015bredniej (ka\u017cda ze stron spotyka si\u0119 z mediatorem osobno) oraz z wykorzystaniem \u015brodk&oacute;w komunikacji elektronicznej (internetu). W przypadku zaistnienia takiej potrzeby mo\u017cliwe jest prowadzenie mediacji z udzia\u0142em innych specjalist&oacute;w w dyskretnej i przyjaznej atmosferze.\",\"publisher\":{\"@id\":\"http:\/\/dawidtarczynski.pl\/#organization\"},\"potentialAction\":[{\"@type\":\"SearchAction\",\"target\":{\"@type\":\"EntryPoint\",\"urlTemplate\":\"http:\/\/dawidtarczynski.pl\/?s={search_term_string}\"},\"query-input\":\"required name=search_term_string\"}],\"inLanguage\":\"pl-PL\"},{\"@type\":\"Organization\",\"@id\":\"http:\/\/dawidtarczynski.pl\/#organization\",\"name\":\"Dawid Tarczy\u0144ski mediator s\u0105dowy i pozas\u0105dowy\",\"url\":\"http:\/\/dawidtarczynski.pl\/\",\"logo\":{\"@type\":\"ImageObject\",\"inLanguage\":\"pl-PL\",\"@id\":\"http:\/\/dawidtarczynski.pl\/#\/schema\/logo\/image\/\",\"url\":\"http:\/\/dawidtarczynski.pl\/wp-content\/uploads\/2022\/04\/logo2.png\",\"contentUrl\":\"http:\/\/dawidtarczynski.pl\/wp-content\/uploads\/2022\/04\/logo2.png\",\"width\":223,\"height\":67,\"caption\":\"Dawid Tarczy\u0144ski mediator s\u0105dowy i pozas\u0105dowy\"},\"image\":{\"@id\":\"http:\/\/dawidtarczynski.pl\/#\/schema\/logo\/image\/\"}}]}<\/script>\n<!-- \/ Yoast SEO plugin. -->","yoast_head_json":{"title":"O mnie - Mediator s\u0105dowy i pozas\u0105dowy Przemy\u015bl","description":"Dawid Tarczy\u0144ski \u2013 mediator s\u0105dowy i pozas\u0105dowy \u2013 kompleksowe us\u0142ugi w zakresie prowadzenia post\u0119powa\u0144 mediacyjnych w sprawach cywilnych (rodzinnych, gospodarczych, biznesowych, pracowniczych, medycznych, o\u015bwiatowych, transgranicznych)","robots":{"index":"index","follow":"follow","max-snippet":"max-snippet:-1","max-image-preview":"max-image-preview:large","max-video-preview":"max-video-preview:-1"},"canonical":"https:\/\/dawidtarczynski.pl\/","og_locale":"pl_PL","og_type":"article","og_title":"O mnie - Mediator s\u0105dowy i pozas\u0105dowy Przemy\u015bl","og_description":"Dawid Tarczy\u0144ski \u2013 mediator s\u0105dowy i pozas\u0105dowy \u2013 kompleksowe us\u0142ugi w zakresie prowadzenia post\u0119powa\u0144 mediacyjnych w sprawach cywilnych (rodzinnych, gospodarczych, biznesowych, pracowniczych, medycznych, o\u015bwiatowych, transgranicznych)","og_url":"https:\/\/dawidtarczynski.pl\/","og_site_name":"Mediator s\u0105dowy i pozas\u0105dowy Przemy\u015bl","article_modified_time":"2022-04-30T11:00:50+00:00","og_image":[{"width":376,"height":380,"url":"https:\/\/dawidtarczynski.pl\/wp-content\/uploads\/2022\/04\/dawid.png","type":"image\/png"}],"twitter_card":"summary_large_image","twitter_misc":{"Szacowany czas czytania":"2 minuty"},"schema":{"@context":"https:\/\/schema.org","@graph":[{"@type":"WebPage","@id":"https:\/\/dawidtarczynski.pl\/","url":"https:\/\/dawidtarczynski.pl\/","name":"O mnie - Mediator s\u0105dowy i pozas\u0105dowy Przemy\u015bl","isPartOf":{"@id":"http:\/\/dawidtarczynski.pl\/#website"},"primaryImageOfPage":{"@id":"https:\/\/dawidtarczynski.pl\/#primaryimage"},"image":{"@id":"https:\/\/dawidtarczynski.pl\/#primaryimage"},"thumbnailUrl":"http:\/\/dawidtarczynski.pl\/wp-content\/uploads\/2022\/04\/dawid.png","datePublished":"2021-03-05T20:10:28+00:00","dateModified":"2022-04-30T11:00:50+00:00","description":"Dawid Tarczy\u0144ski \u2013 mediator s\u0105dowy i pozas\u0105dowy \u2013 kompleksowe us\u0142ugi w zakresie prowadzenia post\u0119powa\u0144 mediacyjnych w sprawach cywilnych (rodzinnych, gospodarczych, biznesowych, pracowniczych, medycznych, o\u015bwiatowych, transgranicznych)","breadcrumb":{"@id":"https:\/\/dawidtarczynski.pl\/#breadcrumb"},"inLanguage":"pl-PL","potentialAction":[{"@type":"ReadAction","target":["https:\/\/dawidtarczynski.pl\/"]}]},{"@type":"ImageObject","inLanguage":"pl-PL","@id":"https:\/\/dawidtarczynski.pl\/#primaryimage","url":"http:\/\/dawidtarczynski.pl\/wp-content\/uploads\/2022\/04\/dawid.png","contentUrl":"http:\/\/dawidtarczynski.pl\/wp-content\/uploads\/2022\/04\/dawid.png","width":376,"height":380},{"@type":"BreadcrumbList","@id":"https:\/\/dawidtarczynski.pl\/#breadcrumb","itemListElement":[{"@type":"ListItem","position":1,"name":"Strona g\u0142\u00f3wna","item":"https:\/\/dawidtarczynski.pl\/"},{"@type":"ListItem","position":2,"name":"O mnie"}]},{"@type":"WebSite","@id":"http:\/\/dawidtarczynski.pl\/#website","url":"http:\/\/dawidtarczynski.pl\/","name":"Mediator s\u0105dowy i pozas\u0105dowy Przemy\u015bl","description":"Jestem sta\u0142ym mediatorem s\u0105dowym i pozas\u0105dowym. Posiadam uprawnienia do prowadzenia mediacji cywilnych (rodzinnych, gospodarczych, biznesowych, pracowniczych, medycznych, o\u015bwiatowych, transgranicznych, s\u0105siedzkich, mi\u0119dzypokoleniowych, spadkowych, innych cywilnych), karnych i nieletnich oraz kilkuletnie do\u015bwiadczenie mediatora. R&oacute;wnocze\u015bnie jestem cz\u0142onkiem Polskiego Centrum Mediacji i prawnikiem. Oferuj\u0119 Pa\u0144stwu mo\u017cliwo\u015b\u0107 prowadzenie mediacji zar&oacute;wno w formie bezpo\u015bredniej (spotkania stron w obecno\u015bci mediatora), jak r&oacute;wnie\u017c po\u015bredniej (ka\u017cda ze stron spotyka si\u0119 z mediatorem osobno) oraz z wykorzystaniem \u015brodk&oacute;w komunikacji elektronicznej (internetu). W przypadku zaistnienia takiej potrzeby mo\u017cliwe jest prowadzenie mediacji z udzia\u0142em innych specjalist&oacute;w w dyskretnej i przyjaznej atmosferze.","publisher":{"@id":"http:\/\/dawidtarczynski.pl\/#organization"},"potentialAction":[{"@type":"SearchAction","target":{"@type":"EntryPoint","urlTemplate":"http:\/\/dawidtarczynski.pl\/?s={search_term_string}"},"query-input":"required name=search_term_string"}],"inLanguage":"pl-PL"},{"@type":"Organization","@id":"http:\/\/dawidtarczynski.pl\/#organization","name":"Dawid Tarczy\u0144ski mediator s\u0105dowy i pozas\u0105dowy","url":"http:\/\/dawidtarczynski.pl\/","logo":{"@type":"ImageObject","inLanguage":"pl-PL","@id":"http:\/\/dawidtarczynski.pl\/#\/schema\/logo\/image\/","url":"http:\/\/dawidtarczynski.pl\/wp-content\/uploads\/2022\/04\/logo2.png","contentUrl":"http:\/\/dawidtarczynski.pl\/wp-content\/uploads\/2022\/04\/logo2.png","width":223,"height":67,"caption":"Dawid Tarczy\u0144ski mediator s\u0105dowy i pozas\u0105dowy"},"image":{"@id":"http:\/\/dawidtarczynski.pl\/#\/schema\/logo\/image\/"}}]}},"_links":{"self":[{"href":"http:\/\/dawidtarczynski.pl\/index.php\/wp-json\/wp\/v2\/pages\/9","targetHints":{"allow":["GET"]}}],"collection":[{"href":"http:\/\/dawidtarczynski.pl\/index.php\/wp-json\/wp\/v2\/pages"}],"about":[{"href":"http:\/\/dawidtarczynski.pl\/index.php\/wp-json\/wp\/v2\/types\/page"}],"author":[{"embeddable":true,"href":"http:\/\/dawidtarczynski.pl\/index.php\/wp-json\/wp\/v2\/users\/1"}],"replies":[{"embeddable":true,"href":"http:\/\/dawidtarczynski.pl\/index.php\/wp-json\/wp\/v2\/comments?post=9"}],"version-history":[{"count":21,"href":"http:\/\/dawidtarczynski.pl\/index.php\/wp-json\/wp\/v2\/pages\/9\/revisions"}],"predecessor-version":[{"id":1557,"href":"http:\/\/dawidtarczynski.pl\/index.php\/wp-json\/wp\/v2\/pages\/9\/revisions\/1557"}],"wp:attachment":[{"href":"http:\/\/dawidtarczynski.pl\/index.php\/wp-json\/wp\/v2\/media?parent=9"}],"curies":[{"name":"wp","href":"https:\/\/api.w.org\/{rel}","templated":true}]}}